{"id":71,"date":"2015-07-27T18:17:24","date_gmt":"2015-07-27T16:17:24","guid":{"rendered":"http:\/\/anjakreysing.de\/wp\/?page_id=71"},"modified":"2026-04-27T11:15:06","modified_gmt":"2026-04-27T11:15:06","slug":"calendar","status":"publish","type":"page","link":"https:\/\/anjakreysing.de\/wp\/calendar\/","title":{"rendered":"calendar"},"content":{"rendered":"\n<p><\/p>\n\n\n\n<p><strong>2026<\/strong><\/p>\n\n\n\n<ul class=\"wp-block-list\">\n<li>10.-12.7.2026 &#8222;segment19&#8220;, video &amp; live performance @ ErrantSound, Berlin<\/li>\n\n\n\n<li><s>3.7.2026 this honourable fish + spoken word: Stummfilmkonzert CFL Burg H\u00fclshoff, Droste Festival, Havixbeck<\/s> postponed due to historic preservation<\/li>\n\n\n\n<li>14.6.2026 Trio mit NaabtalDeath &amp; Andreas Gogol, Tonhalle Hannover<\/li>\n\n\n\n<li>16.5.2026 &#8222;segment19&#8220;, video &amp; live performance  premiere, Lange Nacht, GNM, Musikhochschule M\u00fcnster<\/li>\n\n\n\n<li>9.5.2026 Lonely Robots, listening cinema, Wem geh\u00f6rt die Welt, K\u00f6ln<\/li>\n\n\n\n<li>3.-8.5.2026 premiere FLOWproject with my composition &#8222;segment19&#8220;, Cities &amp; Memory, GB \/ EGU General Assembly, Vienna, AT <\/li>\n\n\n\n<li>18.4.2026 Sonic Scorch, Konzert mit Stefan Strasser, 35Blumen e.V., Krefeld<\/li>\n\n\n\n<li>17.4.2026 release Alpine Video &#8222;timelessness&#8220; by Thomas Radlwimmer, soundtrack by Stefan Strasser \/ Anja Kreysing<\/li>\n\n\n\n<li>1.11.2025-31.3.2026 elektroFlux Kunstkopf &#8211; Embassy &amp; Pavillon @ The Wrong Biennale<\/li>\n\n\n\n<li>21.3.2026 Videoscreening of Tidal Interferences, Mopomoso TV<\/li>\n\n\n\n<li>14.3.2026 Screening of Drystorm 9 \/ Angel during Video Edition Begegnungen \/ Encounters by Ebba Jahn, 47. Duisburger Akzente, Lokal Harmonie, Duisburg<\/li>\n\n\n\n<li>8.3.2026 MIFURI \u2013 gestische Elektroakustik mit Claudius Lazzeroni, Michael Kolberg, Eicke Riggers, Anja Kreysing, The Wrong Biennale, Schlossfabrik, Velbert<\/li>\n\n\n\n<li>6.2.-22.2.2026 MOVE IT Videoperspektiven, 35Blumen e.V., Krefeld<\/li>\n\n\n\n<li>1.2.2026 Jazzfanstasma, Performance mit Raoul Morales-M\u00e1rquez,  Klasse Cytter, Kunstakademie M\u00fcnster<\/li>\n\n\n\n<li>25.1.2026 MIFURI \u2013 gestische Elektroakustik mit Eicke Riggers, Michael Kolberg, Anja Kreysing, The Wrong Biennale, BlackBox, M\u00fcnster<\/li>\n\n\n\n<li>4.1.2026 Contraste, Jahreskonzert der IIM, BlackBox, M\u00fcnster<\/li>\n<\/ul>\n\n\n\n<p><strong>2025<\/strong><\/p>\n\n\n\n<ul class=\"wp-block-list\">\n<li>27.12.2025 solo @ Struppig Tanzen mit Doc W\u00f6r Mirran und Christoph Heemann @ Kulturausbesserungswerk, Leverkusen<\/li>\n\n\n\n<li>7.12.2025 Ljudbio XI, internationales Festival f\u00fcr elektroakustische Musik, Uppsala, Schweden<\/li>\n\n\n\n<li>5.12.2025  guest musician @&nbsp;lonely robots &#8211; a noise story by Raoul Morales-M\u00e1rquez &amp; Lennart Kinne, BETA @ b-side, M\u00fcnster<\/li>\n\n\n\n<li>22.11.2025 Stummfilmkonzert &#8222;Der Untergang des Hauses Usher&#8220; mit Helmut Buntjer, Daffis Pinte, Borken<\/li>\n\n\n\n<li>2.11.2025 Ashes to tree?, (No)Jazzkonzert, Performance mit Raoul Morales-M\u00e1rquez, Musikhochschule M\u00fcnster<\/li>\n\n\n\n<li>1.11.2025-31.3.2026 elektroFlux Kunstkopf &#8211; Embassy &amp; Pavillon @ The Wrong Biennale<\/li>\n\n\n\n<li>31.10.2025 live-soundtrack &amp; Lesung, CFL Burg H\u00fclshoff, Havixbeck<\/li>\n\n\n\n<li>19.10.2025 Radiokomposition \/ Performance mit EMERGE f\u00fcr RR Reihe Radiost\u00fccke, Ulm<\/li>\n\n\n\n<li>18.10.2025 Kreysing \/ EMERGE, auvikogue, ypsmael, Guiguisuisui, Augsburg<\/li>\n\n\n\n<li>15.10.2025 mit Anna Stern und Michael Kolberg @ Hosek Contemporary, Berlin<\/li>\n\n\n\n<li>28.9.2025, video screening of &#8222;ANGEL&#8220; @ mopomoso.tv, 15:00 Berlin-Time<\/li>\n\n\n\n<li>17.9.2025 mit Stefan Strasser (guitar \/ electronics) @ Brutikasten, Impakt e.V.,  Gemeinde, Ebertplatz K\u00f6ln<\/li>\n\n\n\n<li>11.9.2025 Er\u00f6ffnung  &#8222;Land Lines&#8220;, performative soundtrack mit Jakob Reinhard f\u00fcr StadtLandB\u00fchne \/ CFL Burg H\u00fclshoff, Havixbeck<\/li>\n\n\n\n<li>6.9.2025 solo cinematic for MIKCS Production &#8211; Places, Hengelo, NL<\/li>\n\n\n\n<li>17.8.2025 expanded cinema performance with Maha b Hamed (Kanun) @ SEE Djerba, Djerba International Media Art Festival @ Musee De Guellala, Djerba, TN<\/li>\n\n\n\n<li>14-16.8.2025 expanded cinema performance @ SEE Djerba International Media Art Festival @ Djerba Traditional Heritage Museum, Houmt Souk, TN<\/li>\n\n\n\n<li>6-20.8.2025 a\/v solo research @ SEE Djerba, residency &amp; exhibition, International Media Art Project Houmt Souk, TN<\/li>\n\n\n\n<li>19.7.2025 soundperformance f\u00fcr &#8222;Gedicht an die Nacht&#8220;, Stadtensemble, Bocholt <\/li>\n\n\n\n<li>19.7.2025 interBubble \u2013 eine mobile Klangperformance \u00fcber Kommunikation mit Helmut Buntjer @ &#8222;Der Mensch ist eine Insel&#8220;, D\u00fclmen <\/li>\n\n\n\n<li>21.6.2025 this honourable fish: Stummfilmkonzert Chaplin &#8222;DasPfandleihhaus&#8220;, Drostefestival CFL BurgH\u00fclshoff \/ Haus R\u00fcschhaus<\/li>\n\n\n\n<li>3.6.2025 Soundtrips, Isabel R\u00f6\u00dfler &amp; Girilal Baars, G\u00e4ste Maria Trautmann &amp; Anja Kreysing, Parzelle Dortmund<\/li>\n\n\n\n<li>25.5.2025 Konzert mit Ulrike Lentz, Artpraxis, Zierenberg<\/li>\n\n\n\n<li>10.5.2025 Radioairplay &#8222;Gulf\/Borders&#8220; soundtrack on Radio Irrtum, Berlin<\/li>\n\n\n\n<li>24.4.2024 Radioairplay &#8222;DryStorm 9 Mopomoso edition&#8220;  on Accordion Noir Radio, Vancouver<\/li>\n\n\n\n<li>5.4.2025 soundperformance, Kunstevent &#8222;Pfffl\u00f6\u00f6t&#8220;, Rheine<\/li>\n\n\n\n<li>3.4.2025 Videoscreening Premiere of &#8222;GULF\/borders&#8220; @ sonomu.club<\/li>\n\n\n\n<li>29.3.2025 mental cinema sound-performance, Piano day, Bennohaus, M\u00fcnster<\/li>\n\n\n\n<li>23.3.2025 Videoscreening &#8222;flock&#8220; @ Mopomoso.tv<\/li>\n\n\n\n<li>18.3.2025 this honourable fish: Stummfilmkonzert &#8222;Der Friedensreiter&#8220;,  Drehbuch Geschichte &amp; Linse e.V., R\u00fcstkammer im historischen Rathaus, M\u00fcnster <\/li>\n\n\n\n<li>10.3.2025  Dr.Julius Voos Preis f\u00fcr Erinnerungskultur-Projekt j\u00fcd. Leben in Telgte<\/li>\n\n\n\n<li>2.3.2025 this honourable fish: soundperformance mit Lesung von Daniel Falk, CFL Burg H\u00fclshoff \/ Haus R\u00fcschhaus<\/li>\n\n\n\n<li>22.2.2025 a\/v Performance mit Martin Schlath\u00f6lter, Zukunftswerkstatt, M\u00fcnster<\/li>\n\n\n\n<li>31.01.2025 &#8222;Sagte Sie&#8220; szenische Lesung mit Sarah Giese \/ live-soundtrack, Stadtb\u00fccherei Coesfeld, Zum Anlass der Orange Days 2025<\/li>\n\n\n\n<li>9.1.2025 Vernissage Musik, Uni Osnabr\u00fcck<\/li>\n\n\n\n<li>8.1.2025 LSS Spotlight Interview, artist talk with Sarah Belle Reid, screening of DryStorm9, online<\/li>\n<\/ul>\n\n\n\n<p><strong>2024<\/strong><\/p>\n\n\n\n<ul class=\"wp-block-list\">\n<li>14.12.2024 Analog Lab Expanded Cinema &#8211; Pr\u00e4sentation Workshopergebnisse mit Maja Milic, Jana Nestler und Maja Pilati, Hawerkamp31 e.V., M\u00fcnster<\/li>\n\n\n\n<li>17.11.2024 live soundtrack Performance &#8222;Absolute Macht. Unfolded.&#8220;, Helena Hartmann \/ Ira Blazejewska, Makroscope, M\u00fchlheim<\/li>\n\n\n\n<li>9.11.2024 Lichtrouten Preview zur Nacht der Kultur, audiovisuelles Konzert Laurenz Theinert (VisualPiano) &amp; Anja Kreysing (acc.\/electr.), ehem. Wellenbad im Forum am Sternplatz, L\u00fcdenscheid<\/li>\n\n\n\n<li>31.10.2024 mit Helmut Buntjer &#8222;Unheimliche Geschichten&#8220; Halloween Stummfilmnacht @ Daffis Pinte, Borken<\/li>\n\n\n\n<li>29.9.2024 Filmkonzert &#8222;in another landscape&#8220; mit Zahra Mani, AT \/ HR, black-box @ Klangzeitfestival GNM M\u00fcnster<\/li>\n\n\n\n<li>26.9.2024 mit Kristina Warren und Michael Kolberg, Playhead-Festival\/ ElektroFlux, M\u00fcnster<\/li>\n\n\n\n<li>22.9.2024 stream &amp; chat \u2013 video \u201eDryStorm9\u201c at mopomoso TV, 15:00 via YouTube<\/li>\n\n\n\n<li>22.9.2024 Radioairplay &#8222;Ressourcen&#8220; by Emerge Anja Kreysing Seanaps-festival radio, 13:30 <a href=\"https:\/\/sphere-radio.net\/\">https:\/\/sphere-radio.net\/<\/a><\/li>\n\n\n\n<li>19.-21.9.2024 Visualia Festival of Light, Komposition \/ Konzert f\u00fcr Hartung &amp; Trenz, Pula, Kroatien<\/li>\n\n\n\n<li>17.9.2024 mit Viv Corringham und Michael Kolberg, Playhead-Festival\/ ElektroFlux, M\u00fcnster<\/li>\n\n\n\n<li>23.8.2024 Duo Ulrike Lentz &amp; Anja Kreysing @ Lange Nacht, Berkelkraftwerk, Vreden<\/li>\n\n\n\n<li>16.8.2024 music for small houses anl\u00e4sslich der Preisverleihung der Stiftung Kleines B\u00fcrgerhaus \/ Deutsche StiftungDenkmalschutz, Freilichtmuseum Detmold<\/li>\n\n\n\n<li>4.7.2024 H\u00f6rst\u00fcck f\u00fcr die Verleihung des Karl-Zurhorn Preises, LWL-Museum Zeche Zollern, Dortmund<\/li>\n\n\n\n<li>3.7.2024 Performance mit Achim Zepezauer, Zeche Hannover, Bochum<\/li>\n\n\n\n<li>30.6.2024 Finissage Kunst macht Wind, this honourable fish mit Tobias Kunze (spoken word) und Vicky Allin (Bass), Schloss Senden, Senden<\/li>\n\n\n\n<li>15.\/16.6.2024 Kunst macht Wind, this honourable fish &amp; Florian Betz (Pantamarimba) und Tobias Kunze (Slampoet), Schloss Senden, Senden<\/li>\n\n\n\n<li>25.5.2024 Performance mit Yoshiyuki Hoshi (Performance \/ Tanz), Lange Nacht der GNM, Musikhochschule M\u00fcnster<\/li>\n\n\n\n<li>17.-26.5.2024 &#8222;fugenf\u00fcgen&#8220;, akusmatische multichannel-Klanginstallation f\u00fcr das Bachfestival, Johanneskapelle, M\u00fcnster<\/li>\n\n\n\n<li>11.5.2024 Performance mit Yoshiyuki Hoshi (Performance \/ Tanz), 35Blumen, Krefeld<\/li>\n\n\n\n<li>11.5.2024 soundwalk &#8222;everyday sounds&#8220;, Lyriktreff, M\u00fcnster<\/li>\n\n\n\n<li>3.5.2024 A\/V-Performance mit Achim Zepezauer und Stefan Demming, GE-Orgel, Gelsenkirchen<\/li>\n\n\n\n<li>29.4.2024 &#8222;h\u00e4xen&#8220; Stummfilmkonzert, this honorable fish &amp; Jule Weber, Droste Festival, CFL &amp; Filmclub M\u00fcnster<\/li>\n\n\n\n<li>18.4.2024 &#8222;everyday sounds&#8220; &#8211; partizipative Klanginstallation mit der Uni M\u00fcnster im Rahmen von Poetry2024\/Lyriktreff, Krameramtshaus, M\u00fcnster<\/li>\n\n\n\n<li>18.4.2024 Er\u00f6ffnungsperformance f\u00fcr das Festival poetry 2024\/Lyriktreff mit Andreas Weber und Helmut Buntjer, Krameramtshaus, M\u00fcnster<\/li>\n\n\n\n<li>24.3.2024,  15:00 \/ 3 pm CET stream &amp; chat &#8211; video \u201eInfra\u201c at mopomoso TV \u2013 Matriarchal March<\/li>\n\n\n\n<li>8.3.2024 &#8222;Frauen. Brand. Reden. Nein. Schrei!&#8220; Theatermusik, Stadtensemble, SpecOps, M\u00fcnster<\/li>\n\n\n\n<li>2.3.2024  this honourable fish: Stummfilmkonzert Nosferatu \/ Die schwarze Katze, 50 Jahre Daffis Pinte, Borken<\/li>\n\n\n\n<li>20.2.2024 14-15 Uhr radioairplay @ \u201cphonoECHOES \u2013 Klangzeit on Air\u201d \/ Mia Zabelka,  Klanghaus Untergreith @ CAMP Radio<\/li>\n\n\n\n<li>15.2.2024 Performance mit Yoshiyuki Hoshi (Tanz), Vernissage Satomi Edo, Neue Galerie, Essen<\/li>\n<\/ul>\n\n\n<p style=\"text-align: left;\"><strong>2023<\/strong><\/p>\n<div class=\"block-editor-rich-text__editable rich-text\" role=\"textbox\" contenteditable=\"true\" aria-multiline=\"true\" aria-label=\"Liste-Text\">\n<ul>\n<li style=\"list-style-type: none;\">\n<ul>\n<li style=\"list-style-type: none;\">\n<ul><!-- \/wp:post-content --><\/ul>\n<p><!-- \/wp:list --><\/p>\n<\/li>\n<li>23.-26.11. \/ 30.11.-2.12. Videoscreening &#8222;Ort ohne Heimweh&#8220; @ MIKC \/ Hengelo \/ NL<\/li>\n<li>25.11.2023 &#8222;Ort ohne Absicht&#8220;, LiveSoundtrack zu VisualPiano von Laurenz Theinert, Tosterglope<\/li>\n<li>18.11.2023 Infra as video-score &#8211; @\u00a0Klangwerkstatt\u00a0Berlin\u00a0Festival f\u00fcr Neue Musik, ensemble progress, Bethanien, Berlin<\/li>\n<li id=\"block-bed4e66d-3e80-468d-a21f-4f25884a19d7\" class=\"block-editor-block-list__block wp-block is-selected wp-block-list-item block-editor-block-list__layout\" tabindex=\"0\" role=\"document\" aria-label=\"Block: Listen-Element\" data-block=\"bed4e66d-3e80-468d-a21f-4f25884a19d7\" data-type=\"core\/list-item\" data-title=\"Listen-Element\">\n<div class=\"block-editor-rich-text__editable rich-text\" role=\"textbox\" contenteditable=\"true\" aria-multiline=\"true\" aria-label=\"Liste-Text\">9- 12.11. Videoscreening &#8222;Ort ohne Heimweh&#8220; &amp; &#8222;Enerhiya&#8220;, Ausstellung &#8222;40 Jahre Ateliergemeinschaft Schulstrasse&#8220;, M\u00fcnster<\/div>\n<\/li>\n<li>2.11.2023 Vernissage, Solo, Lutherhaus, Uni Osnabr\u00fcck<\/li>\n<li>21.\/22.10.2023\u00a0 &#8222;Runde Ecken&#8220;, solo \/ Duo mit Ulrich Langenbach, Festival f\u00fcr improvisierte Musik, localhost, M\u00fcnster<\/li>\n<li>1.10.2023 Gast bei Soundtrips NRW mit Viv Corringham &amp; Maggie Nichols, mit Gregor Bohnensack, BlackBox, M\u00fcnster<\/li>\n<li id=\"block-87420365-45f0-419a-8b1a-0feb7a2ccdc6\" class=\"block-editor-block-list__block wp-block is-selected wp-block-list-item block-editor-block-list__layout\" tabindex=\"0\" role=\"document\" aria-label=\"Block: Listen-Element\" data-block=\"87420365-45f0-419a-8b1a-0feb7a2ccdc6\" data-type=\"core\/list-item\" data-title=\"Listen-Element\">\n<div class=\"block-editor-rich-text__editable rich-text\" role=\"textbox\" contenteditable=\"true\" aria-multiline=\"true\" aria-label=\"Liste-Text\">30.9.2023 &#8222;das h\u00e4ssliche kind&#8220; live bei 21th century political shows, Punk-Festival, b-Side M\u00fcnster<\/div>\n<\/li>\n<li>5.8.-17.9.2023 Ort ohne Heimweh, a\/v Installation, Ausstellung, mit Thomas Gerhards und Werner R\u00fcckemann, Oxford Kaserne M\u00fcnster<\/li>\n<li>19.8.2023 Solo bei &#8222;Luftruinen Festival&#8220;, M\u00fcnster<\/li>\n<li>12.8.2023 Duo mit \u201eKalla\u201c, Festival Freubad, Reset e.V., Lienen zu live-Paintings von Lena Skaja<\/li>\n<li>29.7.2023 solo @ MICS \/ Klangzeitfestival, Klanghaus Untergreith, AT<\/li>\n<li>7.7.2023 Folkwang Hochschule: MIFURI &#8211; gestische Elektroakustik mit Claudius Lazzeroni, Michael Kolberg, Eicke Riggers, Anja Kreysing, Campus Zollverein, Essen<!-- \/wp:list -->\n<ul><!-- \/wp:list-item --> <!-- wp:list-item --><!-- \/wp:list-item --><\/ul>\n<\/li>\n<li>24.6.2023 Premiere! &#8222;this honorable fish&#8220;, live soundtrack zu &#8222;Gold Rush&#8220; von Charlie Chaplin, Filmklub M\u00fcnster<\/li>\n<li>18.6.2023 This Honorable Fish @ Schl\u00f6sser und Burgentag, Schloss Senden<\/li>\n<li>5.5.2023 Kunsthalle M\u00fcnster<em style=\"font-size: revert;\">, <\/em>soundperformance \u00fcber Sonakinatographien von Channa Horwitz @\u00a0Er\u00f6ffnung von &#8222;<em style=\"font-size: revert;\">ton not. not ton&#8220;<\/em><\/li>\n<li>16.4.2023 &#8222;Restlicht&#8220; screening mit live-soundtrack @ LPM AV-Kunst-Festival, M\u00fcnster<\/li>\n<li><span style=\"font-size: revert;\">19.3.2023 &#8222;Restlicht&#8220; Filmscreening bei Mopomoso TV<\/span><\/li>\n<li><span style=\"font-size: revert;\">15.3.2023 Konzert mit Jan Klare, Klangfenster, Hase29, Osnabr\u00fcck<\/span><\/li>\n<li><span style=\"font-size: revert;\">12.3.2023 &#8222;Sagte Sie&#8220; szenische Lesung mit Sarah Giese \/ live-soundtrack, Finissage der Ausstellung &#8222;Was ich anhatte&#8220;, Stadtmuseum, M\u00fcnster<\/span><\/li>\n<li>10.3.2023 &#8222;De Borg&#8220; &#8211; Medienkunst in Heimath\u00e4usern, Abschlussausstellung, LWL Landeshaus, B\u00fcrgerhalle, schwarz-weiss ist die bessere farbe<\/li>\n<li><span style=\"font-size: revert;\">8.3.2023 &#8222;Sagte Sie&#8220; szenische Lesung mit Sarah Giese \/ live-soundtrack, Kulturwerkstatt Altenberge<\/span><\/li>\n<li><span style=\"font-size: revert;\">6. bis 26. Februar 2023 Filmscreening &#8222;von innen nach au\u00dfen&#8220; (Kunstfilme im Fenster), kap8, M\u00fcnster<\/span><\/li>\n<li>4.2.2023 LiveSoundtrack zu VisualPiano von Laurenz Theinert, Rottenburg<\/li>\n<li>2.2.2023 Vernissage Soundtrack, Universit\u00e4t Osnabr\u00fcck<\/li>\n<li>21.1.2023 LiveSoundtrack zu VisualPiano von Laurenz Theinert, Leonberg<\/li>\n<li>8.1.2023 Contraste, Jahreskonzert der IIM, BlackBox, M\u00fcnster<\/li>\n<\/ul>\n<\/li>\n<\/ul>\n<p><!-- \/wp:list-item --><\/p>\n<\/div>\n<p><strong>2022<\/strong><\/p>\n<ul>\n<li>1. &#8211; 24.12.2022 Lichtkunstkalender L\u00fcdenscheid, Beteiligung mit zwei Videoarbeiten<\/li>\n<li><del>11.12.2022 Frauen. Brand. Reden. Nein. Schrei! Theatermusik, H1,\u00a0M\u00fcnster<\/del><\/li>\n<li><del>30.11.2022 Frauen. Brand. Reden. Nein. Schrei! Theatermusik, H1,\u00a0M\u00fcnster<\/del> =&gt; postponed to 2023<\/li>\n<li>20.11.2022 this honourable fish: Der Golem, Haus Grave, Borken-Gemen<\/li>\n<li>18.11.2022 deepListening, Workshop im digi musiclab, M\u00fcnster<\/li>\n<li>16.-18.11.2022 5 Soundtracks f\u00fcr \u201eMise en Lumi\u00e8re\u201c, internationales Lichtkunstfestival, Tunis<\/li>\n<li>3.11.2022 Vernissage Musik zur Ausstellung Polar, Martin Luther Haus, Osnabr\u00fcck<\/li>\n<li>29.10.2022 &#8222;Restlicht&#8220; @ LAB30-Festival, Augsburg<\/li>\n<li>20.10.2022 LiveSoundtrack zu VisualPiano von Laurenz Theinert, Detmold<\/li>\n<li>15.10.2022 this honourable fish: \u201eNosferatu\u201c, Theater in der Meerwiese, M\u00fcnster<\/li>\n<li>30.9.2022 Premiere &#8222;Ressourcen&#8220; mit S. Stadlmeier @ Klangzeitfestival, GNM M\u00fcnster<\/li>\n<li>25.9.2022 VideoStageDesign f\u00fcr Paul-Althaus Lecture mit Carsten Bender \/ LWL Literarische Kommission, Haus Nottbeck, Oelde<\/li>\n<li>24.9.2022 M\u00fcnsterKlang \u2013 H\u00f6rst\u00fccke aus fieldrecordings, Workshop im digi musiclab, M\u00fcnster<\/li>\n<li>3.9.2022 Special Guest @ Electro Jam.2, Lokal Harmonie, Duisburg<\/li>\n<li>1. + 3.7.2022 VideoStageDesign f\u00fcr Paul-Althaus Lecture mit Carsten Bender \/ LWL Literarische Kommission, Theater Der Kleine B\u00fchnenboden, M\u00fcnster<\/li>\n<li>17. + 18.6.2022 Klangzeit-Festival, Klanghaus Untergreith AT \/ Hrelji \/ Kroatien<\/li>\n<li>25.5.2022 this honourable fish, Caligari, Freilichtmuseum M\u00fchlenhof, M\u00fcnster<\/li>\n<li>21.5.2022 Geschichten aus dem Nebel, this honourable fish, Stummfilmkonzert, rk-Jubil\u00e4um M\u00fcnsterland e.V.<\/li>\n<li>14., 15.5.2022 live Soundtrack f\u00fcr Lyrikaktion Stadtensemble, Poetry Festival 2022, M\u00fcnster<\/li>\n<li>13.5.2022 Cubic Escape, M\u00fchlheim a. d. Ruhr<\/li>\n<li>8.5.2022 &#8222;Die Ermittlung&#8220;, Theatermusik, Landgericht, M\u00fcnster<\/li>\n<li>8.5.2022 Workshop Sounddesign im H\u00f6rspiel, H\u00f6rspiellab, BlackBox, M\u00fcnster<\/li>\n<li>6.5.2022 live on X-film bei endlos elektrosound, 35Blumen, Krefeld<\/li>\n<li>1.5.2022 Parkmusik, Schloss Senden<\/li>\n<li>23.4.2022 this honourable fish: Nosferatu,\u00a0Stummfilmkonzert,\u00a0Begegnungszentrum Meerwiese, M\u00fcnster<\/li>\n<li>9.4.2022 VideoStageDesign f\u00fcr Paul-Althaus Lecture mit Carsten Bender \/ LWL Literarische Kommission, Haus Kannen<\/li>\n<li>22.3.2022 radioairplay! Wdhlg. feature vom 23.6.2021 zu\u00a0Gast bei \u201efunkt!\u201c, Radioshow auf 674.fm von Georg Dietzler, mit Bea Dickas und Waltraud Blischke, K\u00f6ln<\/li>\n<li><del>18.3.2022 Frauen. Brand. Reden. Nein. Schrei! Theatermusik, H1,\u00a0M\u00fcnster<\/del>\u00a0 postponed due to corona&#8230;<\/li>\n<li>13.3.2022 Goldemar Lecture Konzert mit Michael Kolberg und Katja Angenent, Rinkerode<\/li>\n<li>5.3.2022 Filmscreening \/ Konzert \u201e..bis in die 7. Generation\u201c, Gef\u00e4ngnismuseum Klapperfeld, Frankfurt\/Main<\/li>\n<li>12.2.2022 Raum voller Meinungen, ein Kompaktsymposium mit Guillermo Tolentino, Bennohaus, M\u00fcnster<\/li>\n<li>27.1.2022<del>\u00a0Soundperformance \/ Konzert, Anja Kreysing (acc.) &amp;\u00a0J\u00f6rn Schipper (perc.), Gerhard Marcks\u00a0Haus, Bremen<\/del> postponed due to corona<\/li>\n<li>22.1.-26.2.2022 ins and out, Beteiligung Kurzfilmfestival, NoCube, M\u00fcnster<\/li>\n<li>21.1.2022\u00a0<s>this honourable fish: Golem, Stummfilmkonzert, Haus Grave, Borken-Gemen\u00a0<\/s>\u00a0postponed due to corona<\/li>\n<li>2.1.2022 Contraste, Jahreskonzert der IIM, BlackBox, M\u00fcnster<\/li>\n<\/ul>\n<p><strong>2021<\/strong><\/p>\n<ul>\n<li>15.12.2021 Frauen. Brand. Reden. Nein. Schrei! Theatermusik, B\u00fcrgerhalle Bez.Reg. M\u00fcnster<\/li>\n<li><span style=\"font-size: revert;\">9.12.2021 Musikperformance Vernissage Ausstellung &#8222;Polar&#8220;, Osnabr\u00fcck<\/span><\/li>\n<li><span style=\"font-size: revert;\">27.11.2021 ins and out, Beteiligung Kurzfilmfestival, NoCube, M\u00fcnster<\/span><\/li>\n<li><span style=\"font-size: revert;\">26.11.2021\u00a0H\u00f6rSpielLab M\u00fcnster: Magie in Kl\u00e4ngen, Gast Gespr\u00e4chsrunde, BlackBox M\u00fcnster<\/span><\/li>\n<li><span style=\"font-size: revert;\">17.10.2021 LecturetainMe! Ausstellung, Performance und Filmkonzert mit Werner Kavermann, Ruller Haus, Wallenhorst<\/span><\/li>\n<li><span style=\"font-size: revert;\">16.10.2021\u00a0Lichtkunst und Live-Konzert mit \u00a0Laurenz Theinert und Anja Kreysing, Blomberg<\/span><\/li>\n<li><span style=\"font-size: revert;\">9.10.2021 this honourable fish: Klangkino Licht und Schatten, open air Filmkonzert, Rathaus Ostbevern<\/span><\/li>\n<li><span style=\"font-size: revert;\">3.10 + 10.10.2021 Frauen. Brand. Reden. Nein. Schrei! , Theatermusik im Rahmen von &#8222;Festival der Demokratie&#8220;, Pumpenhaus, M\u00fcnster<\/span><\/li>\n<li><span style=\"font-size: revert;\">1.+ 2.10.2021 this honourable fish, soundtrack f\u00fcr Edgar Wallace Das Volk mit der Maske, Center for Literature, Burg H\u00fclshoff<\/span><\/li>\n<li><span style=\"font-size: revert;\">18.9.2021 Brandreden immersive Audioinstallation, Sound Picknick, Kloster Gravenhorst<\/span><\/li>\n<li><span style=\"font-size: revert;\">4.9.2021 mexport, filmscreening mit livesoundtrack, im kurz-Kollektiv, Gelsenkirchen-\u00dcckendorf<\/span><\/li>\n<li><span style=\"font-size: revert;\">27.8.2021 sound performance im unterholz, bei wirvirstadttuoristen \/ bergfidele interventionen, Berg Fidel, M\u00fcnster<\/span><\/li>\n<li><span style=\"font-size: revert;\">23.8.2021\u00a0this honourable fish: Golem, Stummfilmkonzert,\u00a0Freilichtmuseum M\u00fchlenhof M\u00fcnster, outdoor, im Rahmen von &#8222;1000 Jahre j\u00fcdisches Leben in Westfalen&#8220; LWL &amp; Die Linse e.V..<\/span><\/li>\n<li><span style=\"font-size: revert;\">22.8.2021 musikalische Gestaltung Saisonale, DA Kunsthaus Kloster Gravenhorst<\/span><\/li>\n<li><span style=\"font-size: revert;\">21.8.2021 Street-Cinema-Performance&#8220;L&#8217;essence&#8220; mit Carola von Seckendorff, im Rahmen von Herzglut, M\u00fcnster Innenstadt<\/span><\/li>\n<li><span style=\"font-size: revert;\">7.8.2021 Transfigured Times, Tanzfilmperformance this honourable fish \/ Alice Cerrato &amp; Antonio Rusciano, Pavillon Schlossgarten im Rahmen von Herzglut, M\u00fcnster<\/span><\/li>\n<li><span style=\"font-size: revert;\">5.8.2021 Soundperformance \/ Konzert, Anja Kreysing (acc.) &amp;\u00a0J\u00f6rn Schipper (perc.), Gerhard Marcks\u00a0Haus, Bremen<\/span><\/li>\n<li><span style=\"font-size: revert;\">30.7.2021 plague &amp; personal pleasure, filmmusikalische Lesung, this honourable fish, Carsten Bender &amp; Marcell Kaiser, K\u00f6nigsstrasse, outdoor, im Rahmen von &#8222;Herzglut&#8220;, M\u00fcnster<\/span><\/li>\n<li><span style=\"font-size: revert;\">25.7.2021 Performance Velia Hahnemann, Tanz \/ Anja Kreysing, Akkordeon, Dornreich, D\u00f6rnberg \/\u00a0Kassel<\/span><\/li>\n<li><span style=\"font-size: revert;\">11.7.2021 Goldemardays, offgrid-outdoorstreamingkonzert mit Michael Kolberg (git.), Landschaft, M\u00fcnsterland<\/span><\/li>\n<li><span style=\"font-size: revert;\">3.7.2021 this honourable fish: Stummfilmkonzert Das Kabinett des Dr. Caligari, FARB, Borken<\/span><\/li>\n<li><span style=\"font-size: revert;\">23.6.2021 zu\u00a0Gast bei &#8222;funkt!&#8220;, Radioshow auf 674.fm von Georg Dietzler, mit Bea Dickas und Waltraud Blischke, K\u00f6ln<\/span><\/li>\n<li><span style=\"font-size: revert;\">postponed &#8211; tba\u00a0Lecture Performance im Rahmen von &#8222;Paradise &#8211; Desperate Times&#8220; ein taNDem-Projekt mit Krista Burger, Mirja Farabegoli und Miriam Michel, Hubert, Nijmegen \/ NL \/\/<\/span><\/li>\n<li><span style=\"font-size: revert;\">10.4.2021\u00a0Brandreden immersive Audioinstallation,\u00a0H1, M\u00fcnster<\/span><\/li>\n<li><span style=\"font-size: revert;\">3\/2021 Ausstellung\u00a0\u00a0&#8222;Paradise &#8211; Desperate Times&#8220; ein Tandem-Projekt mit Krista Burger, Mirja Farabegoli und Miriam Michel, Ausstellungshalle Am Hawerkamp, M\u00fcnster<\/span><\/li>\n<li><span style=\"font-size: revert;\">28.2.2021 Klare-Club: Duo-Konzert mit Tobias Br\u00fcgge (sax), Trafostation, M\u00fcnster<\/span><\/li>\n<li><span style=\"font-size: revert;\">19.2.2021 &#8222;Nosferatu&#8220; this honorable fish, Meerwiese, M\u00fcnster<\/span><\/li>\n<li><span style=\"font-size: revert;\">27.1.2021 Theatermusik zu &#8222;Die Ermittlung&#8220;, Stadtensemble, Landgericht, M\u00fcnster<\/span><\/li>\n<\/ul>\n<p><strong>2020<\/strong><\/p>\n<p>5.12.2020 \u00a0&#8222;Brandreden&#8220; &#8211; immersive Audioinstallation mit Carola v. Seckendorff im Rahmen von &#8222;Festival der Demokratie Werkstatt&#8220;, Aula Scharnhorststrasse, M\u00fcnster =&gt; coronabedingt verschoben auf 2021<\/p>\n<p>15.11.2020 \u00a0&#8222;Brandreden&#8220; &#8211; immersive Multichannel-Audioinstallation mit Carola v. Seckendorff im Rahmen von &#8222;Festival der Demokratie Werkstatt&#8220;, Grosses Haus, Theater M\u00fcnster =&gt; coronabedingt verschoben auf 2021<\/p>\n<p>22.11.2020 Radioairplay &#8222;Brandreden &#8211; Radioedit&#8220; zu Gast bei Ralf Clausen \/ B\u00fcrgerfunk \/ NRWision<\/p>\n<p>19.9.2020 this honorable fish live on film (Nosferatu), Walpodenakademie, Mainz<\/p>\n<p>15.9.2020 lecture \/ Kolloquium &#8222;Monsters vs. Arts&#8220;, b-Side-Festival, Boheme Boulette, M\u00fcnster<\/p>\n<p>29.8. + 6.9.2020 Performance Impfstoffinsel mit Ruppe Koselleck, bei Stadtensemble open air , M\u00fcnster<\/p>\n<p>6.8.2020 Filmh\u00f6rspiel Westernsoiree mit Marcell Kaiser &amp; Helmut Buntjer, Ausw\u00e4rtsspiel, M\u00fcnster Schlossgarten<\/p>\n<p>23.7.2020 Kultursommer Bremen, G\u00fcterbahnhof: Zeitraum E mit J\u00f6rn Schipper (perc.)<\/p>\n<p>11.7.2020 soundtranslocation performance, Wiebert, Nijmegen<\/p>\n<p>27.6.2020 Klang Walden mit Paul Michael von Granski (Modular), outdoor im Wald via Kunsthalle Weseke<\/p>\n<p>7.3.2020 Duo-Konzert mit J\u00f6rn Schipper (perc.) In der Weide, Bremen<\/p>\n<p>6.3.2020 this honorable fish: Nosferatu, Heimatverein Wolbeck \/ Kiepe Wolbeck<\/p>\n<p>20.2.2020 Lunge \/ lung, audiovisuelle Installation, Ausstellung\u00a0Pixel, Pen and Tape, Ahlen<\/p>\n<p>5.\/9.2.2020\u00a0Kolloquium \/ Rezi \u00fcber &#8222;BUT WHY?&#8220;, Vinylalbum der Filmklasse, Kunstakademie M\u00fcnster<\/p>\n<p>8.2.2020 mit Jan Klare, David Kr\u00fcger, Ross Parfitt und Ali Fl\u00f6ti, Musik &amp; Frieden, Peperoni Friedensmuseum, M\u00fcnster<\/p>\n<p>7.2.2020\u00a0this honorable fish: Nosferatu, Heimathaus F\u00fcchtorf<\/p>\n<p>19.1.2020 musikalische Intervention, Finnissage kugelrund, NoCube, M\u00fcnster<\/p>\n<p>12.1.2020 Contraste, Jahreskonzert der IIM, BlackBox, M\u00fcnster<\/p>\n<p>9.1.2020 this honourable fish: Das Cabinet des Dr. Caligari, KULT, Vreden<\/p>\n<p><strong>2019<\/strong><\/p>\n<p>2.12.2019 lecture \/ panel zu Erinnerungskultur, Museum Kalkriese<\/p>\n<p>23.11.2019 this honourable fish: Der Untergang des Hauses Usher, Haus Grave, Borken-Gemen<\/p>\n<p>20.\/21.11.2019 Ensemble Abrash, Workshop und Lecture Performance, Rathausgalerie, Rheine<\/p>\n<p>15.11.2019 this honourable fish: Nosferatu, Dormitorium Asbeck<\/p>\n<p>9.11.2019 electroacoustic environment &#8222;lait noir du matin&#8220;, this honourable fish mit Max Kuiper (NL), Flandernbunker, Kiel<\/p>\n<p>31.10.2019 solo bei Elektronacht 2, 35Blumen, Krefeld<\/p>\n<p>20.10.2019 Performance mit Tashina Mende, Reset Landpartie, Schloss Senden<\/p>\n<p>11.10.2019 Tour-Start Kaum Jemand, Trafo-Station M\u00fcnster<\/p>\n<p>29.9.2019 &#8222;ein Kind unserer Zeit&#8220;, Musik f\u00fcr Theater Gegendruck, K\u00fcnstlerhaus Recklinghausen<\/p>\n<p>28.9.2019 &#8222;Lait Noir Du Matin&#8220; &#8211; this honourable fish Kammermusik Celan, Lange Nacht der GNM M\u00fcnster<\/p>\n<p>30.8.2019 Metropolis mit Theaitetos-Trio, Parkhaus Engelenschanze, M\u00fcnster<\/p>\n<p>16.8.2019\u00a012.6.2019\u00a0 lecture-performance taNDem &#8222;soundtrack of heimat&#8220;,\u00a0Stadtturm B\u00fcrgergehorsam, Osnabr\u00fcck<\/p>\n<p>12.6.2019\u00a0 lecture-performance taNDem &#8222;soundtrack of heimat&#8220;, Heimathues Kittken, Altenberge<\/p>\n<p>29.5.2019 elektroFlux: elektronische Musik mit Gerald Fiebig und EMERGE, Black-Box, M\u00fcnster<\/p>\n<p>26.5.2019 lecture-performance taNDem &#8222;soundtrack of heimat&#8220;, Boogie Woogie, Winterswijk \/ NL<\/p>\n<p>23.5.2019 iim: akustische improvisierte Musik\u00a0mit\u00a0Dimitris Papageorgiou &amp; Joshua Weitzel, Black-Box, M\u00fcnster<\/p>\n<p>22.5.2019 lecture-performance taNDem &#8222;soundtrack of heimat&#8220;, Kunst &amp; Suppe, Ateliergemeinschaft Schulstrasse, M\u00fcnster<\/p>\n<p>19.5.2019 this honourable fish, Geschichten aus dem Nebel: Nosferatu, Haus Palz, Sendenn<\/p>\n<p>17.5.2019 this honourable fish &amp; Max Kuiper, Celan-Projekt f\u00fcr POETRY2019, Lazarettbunker, M\u00fcnster<\/p>\n<p>8.5.2019\u00a0lecture-performance taNDem &#8222;soundtrack of heimat&#8220;, Kunstverein Grafschaft Bentheim, Neuenhaus<\/p>\n<p>28.4.2019 taNDem &#8222;soundtrack of heimat &#8211; Caravan of HEIMAT\u00a0\u00a0@ Kunstverein Grafschaft Bentheim, Neuenhaus<\/p>\n<p>26.4.2019 this honourable fish, Vernissage von &#8222;Droste im Glashaus&#8220;, Sandsteinmuseum Havixbeck<\/p>\n<p>26.3.2019 this honourable fish: Metropolis-event, B\u00fcrgerhalle Landeshaus, M\u00fcnster<\/p>\n<p>3.3.2019 performance \/ presentation &#8222;soundtrack of heimat&#8220;, Kunststation Delden \/ NL<\/p>\n<p>15.2.2019 audiovisuelle Performance mit Laurenz Theinert, DA Kunsthaus Gravenhorst<\/p>\n<p>10.2.2019 Theatermusik f\u00fcr &#8222;Ein Kind unserer Zeit&#8220;, Theater Gegendruck, Bahnhof Langendreer, Bochum<\/p>\n<p>3.2.2019 Theatermusik f\u00fcr &#8222;Ein Kind unserer Zeit&#8220;, Theater Gegendruck, Atelierhaus Recklinghausen<\/p>\n<p>30.1.2019 this honourable fish: &#8222;Nosferatu&#8220;, Stenings Scheune, Altenberge<\/p>\n<p>24.1.2019 Peugeot Noir: lecture performance &#8222;Musik aus dem kulturellen Schmelztiegel Paris&#8220;, AWO-Treff M\u00fcnster-Wolbeck<\/p>\n<p>18.1.2019 taNDem-Projekt &#8222;soundtrack of heimat&#8220;, research-performance, Kunststation Delden \/ NL<\/p>\n<p>6.1.2019 &#8222;Contraste&#8220; &#8211; Jahreskonzert der Initiative f\u00fcr improvisierte Musik, Black Box, M\u00fcnster<\/p>\n<p><strong>2018<\/strong><\/p>\n<p>5.12.2018\u00a0research-performance\u00a0&#8222;soundtrack of heimat&#8220;, Haus der Niederlande, M\u00fcnster<\/p>\n<p>2.12.2018 live soundtrack zu Visuals von Laurenz Theinert, Vernissage &#8222;Winterlicht&#8220;, DA Kunsthaus Gravenhorst<\/p>\n<p>30.11.2018 this honourable fish: Nosferatu bei &#8222;Geschichten aus dem Nebel&#8220;, Haus Grave, Borken-Gemen<\/p>\n<p>18.11.2018 Theatermusik f\u00fcr\u00a0&#8222;Ein Kind unserer Zeit&#8220;, Theater Gegendruck, Kunsthalle Recklinghausen<\/p>\n<p>11.11.2018 lecture- and research-performance\u00a0&#8222;soundtrack of heimat&#8220;, Ateliergemeinschaft Schulstrasse, M\u00fcnster<\/p>\n<p>2.10., 13.10., 23.10., 31.10.. 24.11.2018 live bei &#8222;H\u00f6rst Du? Jetzt!&#8220; bei &#8222;24 h M\u00fcnster&#8220; in den Theatern der Stadt<\/p>\n<p>31.10.2018 Vortrag bei &#8222;Last Exit Kunst \u00a0II&#8220;: &#8222;Auch Du bist Film &#8211; der live-soundtrack als k\u00fcnstlerische Strategie&#8220;, Westf\u00e4lische Willhelms Universit\u00e4t, M\u00fcnster<\/p>\n<p>30.10.2018 this honourable fish: Nosferatu, Religio Museum, Telgte<\/p>\n<p>26.10.2018 Cubic Escape, zu Gast bei Josephine Bode, Moers<\/p>\n<p>18.10.2018\u00a0Cubic Escape: &#8222;DAS ZEHNTAUSENDMEILENRENNEN&#8220;, H\u00f6rspiel mit Gregor Bohnensack und Christoph Bernd, Umland-Festival, Dortmund<\/p>\n<p>7.10.2018\u00a0Cubic Escape: &#8222;DAS ZEHNTAUSENDMEILENRENNEN&#8220;, H\u00f6rspiel mit Gregor Bohnensack und Christoph Bernd,\u00a0Kubik400, Essen<\/p>\n<p>6.10.2018 Anja Kreysing \/ Emerge beim Bend\/Make\/Change Festival, Offenburg<\/p>\n<p>29.9.2018 \u00a0this honourable fish: bei Reset Landpartie, mit C\u00e9sar Naves (ES, Video), Wettringen<\/p>\n<p>28.9.2018 this honourable fish\u00a0mit C\u00e9sar Navez (ES, Video), Atelier Thomas Prautsch, M\u00fcnster<\/p>\n<p>21.9.2018 Doppelkonzert Tobias Br\u00fcgge \/ Anja Kreysing &amp; Raphael Vanoli, Bunker Ulmenwall, Bielefeld<\/p>\n<p>8.9.2018 Abrash &#8211;\u00a0Stefano Giorgi, Vittorio Garis, Ulrike Lentz, Anja Kreysing, Helmut Buntjer, Walkm\u00fchlenfestival, Wiesbaden<\/p>\n<p>21.8.2018 @ Cassiopeia mit Emerge &amp; guiguisuisui, dirty side, M\u00fcnster<\/p>\n<p>10.8.2018 Akkordeon \/ Elektronik, gemeinsam mit Oberlin,\u00a0b-05, Montabaur<\/p>\n<p>20.7.2018 Re:flexions \u00a0sound-art festival 2018, Kulturhaus Abraxas, Augsburg<\/p>\n<p>17.\/19.\/21.7.2018 Theatermusik f\u00fcr &#8222;Anguana &#8211; ein urbanes Intermezzo&#8220;, M\u00fcnster<\/p>\n<p>17.6.2018 this honourable fish: &#8222;Geschichten aus dem Nebel&#8220;, Rittergut Haus Heerfeld,\u00a0Liesborn<\/p>\n<p>8.6.2018 this honourable fish: \u201cgojira music \u2013 godzilla&#8217;s love\u201d, Ateliergemeinschaft Bremsenpr\u00fcfstand, M\u00fcnster<\/p>\n<p>25.5.2018 Klangzeitfestival GNM M\u00fcnster Sounds &amp; Frames: Bildern Ohren machen &#8211; ein Stummfilmprojekt mit der Musikhochschule M\u00fcnster, Titanickhalle, M\u00fcnster<\/p>\n<p>26.4.2018 mit Kaum Jemand im neben*an, M\u00fcnster<\/p>\n<p>20.4.2018 Cubic Escape: &#8222;DAS ZEHNTAUSENDMEILENRENNEN&#8220;, H\u00f6rspiel mit Gregor Bohnensack und Christoph Bernd, Black Box, M\u00fcnster<\/p>\n<p>13.4.2018 \u201eH\u00e4xan\u201c mit\u00a0S&amp;M Accidental Orchestra Experience,\u00a0 Traumathek Videostore &amp; Filmcaf\u00e9, K\u00f6ln<\/p>\n<p>6.4.2018 &#8222;transfigures time&#8220; &#8211; a\/v Performance, &#8222;this honourable fish&#8220;, Alice Cerrato &amp; Antonio Rusciano, Pumpenhaus, M\u00fcnster<\/p>\n<p>26., 27., 28.3.2018 SANTA MUERTE, live bespielte AV-Installation mit Anja Jensen und Tomasz Nowak, Lambertikirche, M\u00fcnster<\/p>\n<p>23.3.2018 this honourable fish: live soundtrack f\u00fcr &#8222;NYsferatu&#8220; von\u00a0Andrea Mastrovito, Kunsthalle Osnabr\u00fcck<\/p>\n<p>21.3.2018 Solo, live-Soundtrack f\u00fcr &#8222;Creative Spaces&#8220; Preisverleihung an Wasserschloss Reelkirchen, K\u00f6ln<\/p>\n<p>3.2.2018 &#8222;Nosferatu&#8220; mit\u00a0S&amp;M Accidental Orchestra Experience,\u00a0Ehemaliges Stummfilmkino Delphi, Berlin<\/p>\n<p>7.1.2018\u00a0CONTRASTE &#8211; Improvisierte Musik aus M\u00fcnster, black box, M\u00fcnster<\/p>\n<p><strong>2017<\/strong><\/p>\n<p>26.12.2017 Duo Anja Kreysing (akk.\/elek.) und Tobias Br\u00fcgge (sax.\/cl.), Weihnachtsmatinee Bunker Ulmenwall, Oetkerhalle, Bielefeld<\/p>\n<p>10.12.2017 this honourable fish bei &#8222;MenschM\u00fcnsterMensch&#8220;, Kleiner B\u00fchnenboden, M\u00fcnster<\/p>\n<p>9.12.2017 solo bei &#8222;Feier das ICH&#8220;, Lieschen M\u00fcller, M\u00fcnster<\/p>\n<p>24.11.2017 Referentin f\u00fcr Sch\u00fclerfilmprojekte bei &#8222;Speeddating&#8220;, internationales Filmfestival Hannover<\/p>\n<p>19.11.2017 &#8222;reENCIPHER&#8220; mit Emerge, Sascha Stadlmeyer, Dan Penschuck, Anja Kreysing, No Cube, M\u00fcnster<\/p>\n<p>17.11.2017 this honourable fish &#8222;Panzerkreuzer Potemkin&#8220;, Stummfilmkonzert, Borken \/ Westf.<\/p>\n<p>29.10.2017 Duo Anja Kreysing (akk.) und Anette Slaatto (vla.) Holte Kirke, Holte, DK<\/p>\n<p>21.10.2017 Voicelab 2: Duo Rachel Seifert (voc.) \/ Anja Kreysing (acc.), NoCube, M\u00fcnster<\/p>\n<p>19.10.2017 Voicelab 1: Duo Hanna Sch\u00f6rken (voc.) \/ Anja Kreysing (acc.), NoCube, M\u00fcnster<\/p>\n<p>26.10.2017 r\u00f8d violin, Kopenhagen, DK<\/p>\n<p>14.10.2017 this honourable fish: &#8222;Metropolis&#8220; von Fritz Lang, Stummfilmkonzert, Kunstkl\u00e4rwerk, Stadtlohn<\/p>\n<p>15.9.2017 this honourable fish: Opener\u00a0BAFF-Festival, Kloster Bentlage, Rheine<\/p>\n<p>10.9.2017 &#8222;&#8230;bis in die 7. Generation&#8220;, Drogerie, Braunschweig<\/p>\n<p>9.9.2017 Anja Kreysing \/ Rachel Seifert: Konzert zur Neuer\u00f6ffnung des Kap.8-Ateliers, M\u00fcnster<\/p>\n<p>1.9.2017 Abrash\u00a0&#8211; Stefano Giorgi, Vittorio Garis, Ulrike Lentz, Anja Kreysing, Helmut Buntjer, Hawerkamp, M\u00fcnster<\/p>\n<p>27.8.2017\u00a0&#8222;saving sounds in dream-landscapes&#8220; mit Ulrike Lentz (fl.),\u00a0Caf\u00e9 Bahnhof F\u00fcrstenwald<\/p>\n<p>25. + 26.8.2017 &#8222;tomorrow&#8220; mit Stefano Giorgi (vid.), Vittorio Garis (perc.), Turin \/ IT, Reinhart Hammerschmidt (db), Ulrike Lentz (fl.), Anja Kreysing (acc.); Dock 4, Kassel<\/p>\n<p>31.7.2017 this honourable fish mit Sterile Garden, Lavas\/Magmas, Les Horribles Travailleurs, B-Side, M\u00fcnster<\/p>\n<p>20.7.2017 this honourable fish\u00a0@ slimfilm-Festival, Freihaus, M\u00fcnster<\/p>\n<p>7.7.2017 mit Kaum Jemand beim &#8222;Gr\u00fcne Beete&#8220;-Festival, M\u00fcnster<\/p>\n<p>1.7.2017 Anja Kreysing \/ Andreas Usenbenz \/ chaotalion bei re:flexions &#8211; silent series, Ganze B\u00e4ckerei, Augsburg<\/p>\n<p>24.6.2017 Peugeot Noir, 4telfest M\u00fcnster<\/p>\n<p>15.6.2017 kwr5-Kollektiv: Lecture-Performance anl\u00e4sslich der Bochum-Biennale, rottstr5 H.O.F., Bochum<\/p>\n<p>14.6.2017 this honourable fish: A\/V-Konzert mit Max Kuiper, Arnhem, NL, &amp; Matthias Muche, K\u00f6ln, Triptychon, M\u00fcnster<\/p>\n<p>9.6.2017 mit dem kwr5-Kollektiv bei den Bochumer Tagen f\u00fcr Neue Musik<\/p>\n<p>4.6.2017 mit Kaum Jemand im Pr\u00fctt, M\u00fcnster<\/p>\n<p>19.5.2017 30 Jahre Kulturfabrik Salzmann, Panoptikum, Kassel<\/p>\n<p>5.-7.5.2017 SANTA MUERTE\u00a0&#8211; live bespielte\u00a0AV-Installation\u00a0mit Anja Jensen, Speicher 2, M\u00fcnster<\/p>\n<p>7.4.2017 Workshopeinf\u00fchrung: Deep Listening nach Pauline Oliveros, black box, M\u00fcnster<\/p>\n<p>24.3.2017 mit Kaum Jemand bei &#8222;Luftruine&#8220;, M\u00fcnster<\/p>\n<p>18.3.2017 this honourable fish,\u00a0Stummfilmmilonga, Con Corazon, M\u00fcnster<\/p>\n<p>5.2.2017 CONTRASTE &#8211; Improvisierte Musik aus M\u00fcnster mit Gunda Gottschalk, black box, M\u00fcnster<\/p>\n<p>13.1.2017 mit Kaum Jemand, Wunderkasten, M\u00fcnster<\/p>\n<p><strong>2016<\/strong><\/p>\n<p>17.12.2016 Ulrike Lentz (fl) \/ Anja Kreysing (acc.) meeting Ross Parfitt (perc.\/ Tobias Br\u00fcgge (sax\/cl) &#8211; Konzert, blackbox, M\u00fcnster<\/p>\n<p>19.11.2016 mit Kaum Jemand im Helios Theater, Hamm<\/p>\n<p>5.11.2016 \u00a0&#8222;Richtung Norden&#8220; beim Festival &#8222;Musik baut Br\u00fccken&#8220;, Musikhochschule M\u00fcnster<\/p>\n<p>12.10.2016 \u00a0this honourable fish live on film &#8211; &#8222;Dr. Jekyll &amp; Mr. Hyde&#8220;, Reset-Festival, Pumpenhaus M\u00fcnster<\/p>\n<p>9.10.2016 Peugeot Noir, Hoffest \u00d6kullus, M\u00fcnster-Handorf<\/p>\n<p>7.10.2016 record release Hanna Meyerholz, Hot Jazz Club, M\u00fcnster<\/p>\n<p>5.10.2016 mit Kaum Jemand im Spec Ops, M\u00fcnster<\/p>\n<p>24.9..2016 15-19 Uhr \u00a0this honourable fish: Performance, transmute24-building, Arnheim, NL<\/p>\n<p>10.8.2016 mit Bruno Gussoni &amp; Ulrike Lentz,\u00a0theatre Piero Bozzo, Bogliasco, IT<\/p>\n<p>9.8,2016 mit Stefano Giorgi, Vittorio Garis, Ulrike Lentz, Turin, IT<\/p>\n<p>7.8.2016 \u00a0mit Vittorio Garis &amp; Ulrike Lentz,\u00a0Moncrivello, IT<\/p>\n<p>6.8.2016\u00a0mit Disaster Area &amp; Ulrike Lentz, Casa della Musica, Genua, IT<\/p>\n<p>28.7.2016 kwr5-Kollektiv: Performance, Otto Pankok-Ausstellung, L\u00fcdinghausen<\/p>\n<p>8.+9.7.2016 zeitgen\u00f6ssische improvisierte Musik, Ziegeleimuseum, Oberkaufungen\/Kassel<\/p>\n<p>2.7.2016 Peugeot Noir, 4tel-Fest, M\u00fcnster<\/p>\n<p>4.6.2016 Peugeot Noir, Gr\u00fcnfl\u00e4chenunterhaltung, M\u00fcnster<\/p>\n<p>29.5.2016 mit Kaum Jemand im Kreativ-Haus, M\u00fcnster<\/p>\n<p>21.5.2016 Peugeot Noir, Gr\u00fcnfl\u00e4chenunterhaltung, M\u00fcnster<\/p>\n<p>20.5.2016 kwr5-Kollektiv: Performance &#8222;Pathos und Rendite&#8220;, Bochumer Tage f\u00fcr Neue Musik<\/p>\n<p>19.5.2016 Peugeot Noir, Gasthof Deipenbrock, Everswinkel<\/p>\n<p>18.5.2016 this honourable fish im SpecOps, M\u00fcnster<\/p>\n<p>14.5.2016 mit Kaum Jemand in der Milchbar, M\u00fcnster<\/p>\n<p>4.5.2016 &#8222;&#8230;bis in die 7. Generation&#8220;, Berliner Unterwelten, Berlin<\/p>\n<p>22. + 23.4.2016 this honourable fish: electroacoustic environment beim open house im Speicher2, Atelier 2.4. von Anja Jensen, M\u00fcnster<\/p>\n<p>19.3.2016 Hell Bunny Kollektief: Orlac&#8217;s H\u00e4nde, Valentinst\u00fcberl, Berlin Neuk\u00f6lln<\/p>\n<p>18.3.2016 Kaum Jemand, CD Release Party\u00a0&amp; Konzert, Caf\u00e9 Arte,\u00a0M\u00fcnster<\/p>\n<p>15.3.2016 kwr5-Kollektiv: Performance bei ETSC in den Flottmannhallen, Herne<\/p>\n<p>29.2.2016 20 Uhr, Klanglaut, Jam-Session f\u00fcr Sprache und Musik mit Marian Heuser, Stadthausgalerie M\u00fcnster<\/p>\n<p>28.2.2016 20 Uhr,\u00a0&#8222;Panzerkreuzer Potemkin&#8220; mit Helmut Buntjer,\u00a0Stadthausgalerie M\u00fcnster<\/p>\n<p>27.2.2016 20 Uhr, Lesung aus Moby Dick +\u00a0Akkordeon mit Wilko Franz beim Reset outdoor special, M\u00fcnster<\/p>\n<p>26.2.2016 20 Uhr, &#8222;Der Untergang des Hauses Usher&#8220;,\u00a0Stadthausgalerie M\u00fcnster<\/p>\n<p>17.1.2016 kwr5-Kollektiv: Performance \u201eB\u00f6hmen liegt am Meer\u201c, Rottstr5 H.O.F. Bochum<\/p>\n<p>16.1.2016 mit Kaum Jemand in der Petri-Kirche M\u00fcnster<\/p>\n<p><strong>2015<\/strong><\/p>\n<p>9.12.2015 19.00 Uhr,\u00a0\u201eSummer in the City\u201c &amp; \u201eThe Lodger\u201c \/ Hell Bunny Kollektief, Kunstakademie M\u00fcnster<\/p>\n<p>8.11.2015 13 Uhr, &#8222;Panzerkreuzer Potemkin&#8220; mit Helmut Buntjer, Atelierhaus Schulstra\u00dfe,\u00a0M\u00fcnster<\/p>\n<p>7.11.2015 16.30 Uhr, Rote Violine, Musikhochschule M\u00fcnster<\/p>\n<p>1.11.2015 11.00 Uhr, kwr5-Kollektiv, Performance, Burg Vischering, L\u00fcdinghausen<\/p>\n<p>7.10.2015 20 Uhr, Punctuated sound, patterned on silence &#8211; performance mit\u00a0Pia Palme \/ Claudia Cervenka \/ Anja Kreysing \/ Margarethe Maierhofer-Lischka, Festival VLNA, \u00d6sterreichisches Kulturforum, Bratislava<\/p>\n<p>2.10.2015 19.30 Uhr, Doppelkonzert Anja Kreysing \/ Klaus Paier &amp; Asja Valcic, Landesmusikakademie Heek-Nienborg<\/p>\n<p>1.-4.10.2015 Workshop f\u00fcr Akkordeon \u2013 Structured Improvisation vs. Folklore imaginaire, Landesmusikakademie Heek-Nienborg<\/p>\n<p>27.9.2015 11 Uhr Quo Vadis, Cinema M\u00fcnster<\/p>\n<p>24.9.2015 20:30 Uhr Peugeot Noir bei &#8222;B\u00fchne frei&#8220;, Rathaus Everswinkel<\/p>\n<p>20.9.2015 11.30 Uhr Peugeot Noir beim B\u00fcrgerbrunch, M\u00fcnster<\/p>\n<p>19.9.2015 20 Uhr mit Kaum Jemand beim Schlosstheater-Sommerfest, M\u00fcnster<\/p>\n<p>5.9.2015 20 Uhr mit Kaum Jemand im Caf\u00e9 Arte, M\u00fcnster<\/p>\n<p>22.8.2015 20 Uhr Peugeot Noir bei der Deutsch-Franz\u00f6sischen Gesellschaft M\u00fcnster<\/p>\n<p>7.8.2015 15 Uhr Peugeot Noir am Cinema, M\u00fcnster<\/p>\n<p class=\"paragraph_style_1\">20.6.2015 Peugeot Noir auf der Gr\u00fcnfl\u00e4chenunterhaltung, M\u00fcnster<\/p>\n<p class=\"paragraph_style_1\">14.6.2015 Peugeot Noir auf dem Afrikafest, M\u00fcnster<\/p>\n<p class=\"paragraph_style_1\">13.6.2015 Peugeot Noir auf dem 4telfest, M\u00fcnster<\/p>\n<p class=\"paragraph_style_1\">12.6.2015 kwr5-Kollektiv: Performance \u201eB\u00f6hmen liegt am Meer\u201c, Bochumer Tage f\u00fcr Neue Musik<\/p>\n<p class=\"paragraph_style_1\">7.6.2015 mit \u201eKaum Jemand\u201c im Kleinen B\u00fchnenboden, M\u00fcnster<\/p>\n<p class=\"paragraph_style_1\">5.6.2015 kwr5-Kollektiv: Performance \u201eZeit\/Schatten\/Felder\u201c, Bochumer Tage f\u00fcr Neue Musik<\/p>\n<p class=\"paragraph_style_1\">15. + 16.5.2015 &#8222;&#8230;bis in die 7. Generation&#8220;, Flandernbunker, Kiel<\/p>\n<p class=\"paragraph_style_1\">8.5.2015\u00a0&#8222;&#8230;bis in die 7. Generation&#8220;, Rottstr5 H.O.F., Bochum<\/p>\n<p class=\"paragraph_style_1\">25.4.2015 mit &#8222;Kaum Jemand&#8220; im Cafe Arte, M\u00fcnster<\/p>\n<p class=\"paragraph_style_1\">18.4.2015 &#8222;Der Untergang des Hauses Usher&#8220;, Projekt66, K\u00f6ln<\/p>\n<p class=\"paragraph_style_1\">9.4.2015 kwr5-Kollektiv: Performance &#8222;Leid und Schmerz&#8220;, Blue Square, Bochum<\/p>\n<p class=\"paragraph_style_1\">1.4.2015 Hell Bunny Kollektief: &#8222;The Lodger&#8220;, Valentinst\u00fcberl, Berlin Neuk\u00f6lln<\/p>\n<p class=\"paragraph_style_1\">29.3.2015 Stummfilmabend in der Villa Neuk\u00f6lln (Usher \/ Summer in the City v. Andreas M\u00e4rker)<\/p>\n<p class=\"paragraph_style_1\">8.3.2015 Peugeot Noir im Le Midi, M\u00fcnster<\/p>\n<p class=\"paragraph_style_1\">15.2.2015 &#8222;Panzerkreuzer Potemkin&#8220; mit Helmut Buntjer, Cinema M\u00fcnster<\/p>\n<p class=\"paragraph_style_1\">11.2.2015 mit &#8222;Kaum Jemand&#8220; in der Frauenstra\u00dfe 24, M\u00fcnster<\/p>\n<p class=\"paragraph_style_1\">8.2.2015 kwr5-Kollektiv mit Spirit of India, Kunsthallen Rottstr5, Bochum<\/p>\n<p class=\"paragraph_style_1\">18.1.2015 kwr5-Kollektiv: Mayr\u00f6cker-Performance, Atelierhaus, Recklinghausen<\/p>\n<p class=\"paragraph_style_1\"><strong>2014<\/strong><\/p>\n<p class=\"paragraph_style_1\">29.11.2014 mit KaumJemand im Cafe Malik, M\u00fcnster<\/p>\n<p class=\"paragraph_style_1\">22.11.2014 Premiere von &#8222;&#8230;bis in die 7. Generation&#8220;, Kiel<\/p>\n<p class=\"paragraph_style_1\">8.11.2014 &#8222;Der Untergang des Hauses Usher&#8220;, Rothenburg ob der Tauber<\/p>\n<p class=\"paragraph_style_1\">24.10.2014\u00a0\u201e&#8230;bis in die 7. Generation\u201c: \u00a0Filmscreening mit Gespr\u00e4ch, Speicher 2, M\u00fcnster<\/p>\n<p class=\"paragraph_style_1\">19.10.2014 kwr5-Kollektiv:\u00a0<span class=\"bl-value-title\">William Shakespeare &#8211; Sonette. eine literarisch-musikalische Performance, Bochum<\/span><\/p>\n<p class=\"paragraph_style_1\">11.10.2014 Peugeot Noir, Kundgebung gegen TTIP, M\u00fcnster<\/p>\n<p class=\"paragraph_style_1\">26.9.2014 Akkordeon f\u00fcr das Sound Nomaden Album &#8222;Madame&#8220;<\/p>\n<p class=\"paragraph_style_1\">20.9.2014 Preview\u00a0\u201e&#8230;bis in die 7. Generation\u201c, im Interzonal, &#8222;Lange Nacht der Museen&#8220;, M\u00fcnster<\/p>\n<p class=\"paragraph_style_1\">7.9.2015 Peugeot Noir beim Fluthelferfest, Prinzipalmarkt, M\u00fcnster<\/p>\n<p class=\"paragraph_style_1\">6.9.2014 Peugeot Noir beim Flutopfer-Benefiz der Afrikakooperative, Aula Scharnhorststr. M\u00fcnster<\/p>\n<p class=\"paragraph_style_1\">30.8.2014 mit KaumJemand im Cafe Arte, M\u00fcnster<\/p>\n<p class=\"paragraph_style_1\">14.8.2014 Feature in der M\u00fcnsterschen Zeitung<\/p>\n<p class=\"paragraph_style_1\">28.6. Peugeot Noir auf dem 4telfest, M\u00fcnster<\/p>\n<p class=\"paragraph_style_1\">14.6.2014 Peugeot Noir bei der Gr\u00fcnfl\u00e4chenunterhaltung, M\u00fcnster<\/p>\n<p class=\"paragraph_style_1\">24.5.2014 kwr5-Kollektiv:\u00a0Friederike Mayr\u00f6cker &#8211; eine literarische Performance, Bochum<\/p>\n<p class=\"paragraph_style_1\"><strong>2013<\/strong><\/p>\n<p>15.11.2013 &#8222;Der Untergang des Hauses Usher&#8220; @\u00a0The Wuhrgebiet &#8211; Totale XI, Essen<\/p>\n<p>10.11.2013 kwr5-Kollektiv:\u00a0Konrad Bayer-Abend, Bochum<\/p>\n<p>23.10.2013 &#8222;Der Untergang des Hauses Usher&#8220;, Cinema M\u00fcnster<\/p>\n<p>19.10.2013 \u00a0Usher-Preview \/ Performance mit Travelling Cinema, Bochum<\/p>\n<p>31. 8.2013\u00a0Accoustic Demolition, Lange Nacht der Museen\u00a0M\u00fcnster<\/p>\n<p>4.5.2015 kwr5-Kollektiv et al:\u00a0Finissage Colloid, Bochum<\/p>\n<ul>\n<li>end of online calender, activies before 2013 listed in <a href=\"https:\/\/anjakreysing.de\/wp\/vita\/\">cv<\/a><\/li>\n<\/ul>\n<div>\u00a0<\/div>","protected":false},"excerpt":{"rendered":"<p>2026 2025 2024 2023 23.-26.11. \/ 30.11.-2.12. Videoscreening &#8222;Ort ohne Heimweh&#8220; @ MIKC \/ Hengelo \/ NL 25.11.2023 &#8222;Ort ohne Absicht&#8220;, LiveSoundtrack zu VisualPiano von Laurenz Theinert, Tosterglope 18.11.2023 Infra as video-score &#8211; @\u00a0Klangwerkstatt\u00a0Berlin\u00a0Festival f\u00fcr Neue Musik, ensemble progress, Bethanien, Berlin 9- 12.11. Videoscreening &#8222;Ort ohne Heimweh&#8220; &amp; &#8222;Enerhiya&#8220;, Ausstellung &#8222;40 Jahre Ateliergemeinschaft Schulstrasse&#8220;, M\u00fcnster &hellip; <\/p>\n<p class=\"link-more\"><a href=\"https:\/\/anjakreysing.de\/wp\/calendar\/\" class=\"more-link\"><span class=\"screen-reader-text\">\u201ecalendar\u201c<\/span> weiterlesen<\/a><\/p>\n","protected":false},"author":1,"featured_media":0,"parent":0,"menu_order":0,"comment_status":"closed","ping_status":"open","template":"","meta":{"spay_email":"","footnotes":""},"class_list":["post-71","page","type-page","status-publish","hentry"],"_links":{"self":[{"href":"https:\/\/anjakreysing.de\/wp\/wp-json\/wp\/v2\/pages\/71","targetHints":{"allow":["GET"]}}],"collection":[{"href":"https:\/\/anjakreysing.de\/wp\/wp-json\/wp\/v2\/pages"}],"about":[{"href":"https:\/\/anjakreysing.de\/wp\/wp-json\/wp\/v2\/types\/page"}],"author":[{"embeddable":true,"href":"https:\/\/anjakreysing.de\/wp\/wp-json\/wp\/v2\/users\/1"}],"replies":[{"embeddable":true,"href":"https:\/\/anjakreysing.de\/wp\/wp-json\/wp\/v2\/comments?post=71"}],"version-history":[{"count":149,"href":"https:\/\/anjakreysing.de\/wp\/wp-json\/wp\/v2\/pages\/71\/revisions"}],"predecessor-version":[{"id":3297,"href":"https:\/\/anjakreysing.de\/wp\/wp-json\/wp\/v2\/pages\/71\/revisions\/3297"}],"wp:attachment":[{"href":"https:\/\/anjakreysing.de\/wp\/wp-json\/wp\/v2\/media?parent=71"}],"curies":[{"name":"wp","href":"https:\/\/api.w.org\/{rel}","templated":true}]}}